{"id":5225,"date":"2000-10-10T09:47:22","date_gmt":"2000-10-10T09:47:22","guid":{"rendered":"http:\/\/capethemes.com\/demo\/con-arch\/?post_type=wpm_project&#038;p=5225"},"modified":"2019-08-05T23:39:54","modified_gmt":"2019-08-06T05:39:54","slug":"politica-nacional-de-competitividad","status":"publish","type":"wpm_project","link":"https:\/\/www.pronacom.org\/en\/project\/politica-nacional-de-competitividad\/","title":{"rendered":"Pol\u00edtica Nacional de Competitividad 2018-2032"},"content":{"rendered":"<h1><\/h1>\n<hr \/>\n<div class=\"su-row\">\n<div class=\"su-column su-column-size-1-4\"><div class=\"su-column-inner su-u-clearfix su-u-trim\">\n<h4><span style=\"font-size: 14pt; color: #1d70b7;\">Acerca de<\/span><\/h4>\n<p><img loading=\"lazy\" class=\"wp-image-8896 alignleft\" src=\"https:\/\/www.pronacom.org\/wp-content\/uploads\/2000\/10\/LOGO-POLITICA-NACIONAL-DE-COMPETITIVIDAD-300x100.png\" alt=\"\" width=\"750\" height=\"251\" srcset=\"https:\/\/www.pronacom.org\/wp-content\/uploads\/2000\/10\/LOGO-POLITICA-NACIONAL-DE-COMPETITIVIDAD-300x100.png 300w, https:\/\/www.pronacom.org\/wp-content\/uploads\/2000\/10\/LOGO-POLITICA-NACIONAL-DE-COMPETITIVIDAD-768x257.png 768w, https:\/\/www.pronacom.org\/wp-content\/uploads\/2000\/10\/LOGO-POLITICA-NACIONAL-DE-COMPETITIVIDAD.png 792w\" sizes=\"(max-width: 750px) 100vw, 750px\" \/><br \/>\n<\/div><\/div>\n<div class=\"su-column su-column-size-3-4\"><div class=\"su-column-inner su-u-clearfix su-u-trim\">\n<div style=\"text-align: justify;\">\n<p><span style=\"font-weight: 400;\">La Pol\u00edtica Nacional de Competitividad 2018-2032 es un instrumento de planificaci\u00f3n operativa, creada en conjunto con el sector p\u00fablico, sector productivo, sector acad\u00e9mico y sociedad civil, <\/span><span style=\"font-weight: 400;\">que pretende establecer las directrices en materia de competitividad en el pa\u00eds para los pr\u00f3ximos 15 a\u00f1os, tom\u00e1ndolo como un tema de prioridad nacional.<\/span><\/p>\n<\/div>\n<div style=\"text-align: justify;\"><span style=\"font-weight: 400;\">La creaci\u00f3n de la Pol\u00edtica surge como respuesta a tres fen\u00f3menos demogr\u00e1ficos que ser\u00e1n inevitables para Guatemala. El primero de ellos es el <\/span><b>crecimiento poblacional <\/b><span style=\"font-weight: 400;\">el cual estima que la poblaci\u00f3n total del pa\u00eds para el 2032 ser\u00e1 de 22 millones de personas. Consecuentemente, se encuentra el fen\u00f3meno del <\/span><b>bono demogr\u00e1fico<\/b><span style=\"font-weight: 400;\">, es decir, que la poblaci\u00f3n en edad trabajadora ser\u00e1 mayor que la dependiente, provocando un incremento en la demanda de empleos. Y por \u00faltimo, existir\u00e1 una <\/span><b>transici\u00f3n de lo rural hacia lo urbano<\/b><span style=\"font-weight: 400;\">, con la que se proyecta que para el 2032, el 79% de la poblaci\u00f3n guatemalteca vivir\u00e1 en \u00e1reas urbanas. <\/span><span style=\"font-weight: 400;\">Sus funciones son:<\/span><\/div>\n<div style=\"text-align: justify;\"><span style=\"font-weight: 400;\"><br \/>\n<\/span><img loading=\"lazy\" class=\"aligncenter wp-image-10061 size-full\" src=\"https:\/\/www.pronacom.org\/wp-content\/uploads\/2000\/10\/funciones-Pol\u00edtica.png\" alt=\"\" width=\"1024\" height=\"344\" \/><\/p>\n<div><\/div>\n<p style=\"text-align: justify;\"><span style=\"font-weight: 400;\">Su objetivo es alinear las necesidades sociales con la productividad, aumentar la calificaci\u00f3n del capital humano y generar mayores oportunidades de desarrollo econ\u00f3mico y social para los guatemaltecos. Con base en eso se plantea la estrategia denominada 11-11-9 (11 cl\u00fasters \u2013 11 prioridades \u2013 9 territorios) para mejorar la competitividad e incrementar la productividad nacional, generado un crecimiento econ\u00f3mico inclusivo, acelerado y sostenible.<\/span><\/p>\n<p style=\"text-align: justify;\"><span style=\"font-weight: 400;\">A trav\u00e9s de la implementaci\u00f3n de la Pol\u00edtica se busca aumentar el crecimiento econ\u00f3mico que traer\u00e1 como beneficio adicional la ampliaci\u00f3n de la base tributaria y una mayor recaudaci\u00f3n absoluta en relaci\u00f3n al PIB, lo cual se convertir\u00e1 en recursos que se destinar\u00e1n a la agenda social del pa\u00eds para contribuir a mejorar las condiciones de vida de los guatemaltecos. Cabe resaltar que la Pol\u00edtica Nacional de Competitividad 2018-2032 se fundamenta en los 12 pilares de competitividad identificados por el Foro Econ\u00f3mico Mundial (WEF por sus siglas en ingl\u00e9s), los cuales comprenden los factores considerados primordiales para el desarrollo econ\u00f3mico de un pa\u00eds. Estos pilares se dividen en:<\/span><\/p>\n\n<\/div><\/div>\n<\/div>\n<div class=\"su-row\">\n<div class=\"su-column su-column-size-1-4\"><div class=\"su-column-inner su-u-clearfix su-u-trim\">\n<h4><span style=\"font-size: 14pt; color: #1d70b7;\">Ejes estrat\u00e9gicos<\/span><\/h4>\n<\/div><\/div>\n<div class=\"su-column su-column-size-3-4\"><div class=\"su-column-inner su-u-clearfix su-u-trim\">\n<p style=\"text-align: justify;\"><span style=\"font-weight: 400;\">La Pol\u00edtica Nacional de Competitividad 2018-2032 cuenta con una estrategia denominada 11-11-9 (11 cl\u00fasters \u2013 11 prioridades \u2013 9 territorios). \u00a0A trav\u00e9s de estos tres lineamientos se busca contribuir al mejoramiento del desempe\u00f1o de los cl\u00fasters productivos con mayor potencial de generaci\u00f3n de empleos formales, para la inserci\u00f3n de m\u00e1s guatemaltecos en la fuerza laboral; mediante la mejora de las condiciones de competitividad priorizadas a nivel nacional y local, en los territorios priorizados para consolidarse como ciudades intermedias, proporcionando una respuesta a la din\u00e1mica econ\u00f3mica, pol\u00edtica y social.<\/span><\/p>\n<\/div>\n\n<div style=\"text-align: justify;\">\n<h5><span style=\"font-size: 12pt;\">Cl\u00fasters<\/span><\/h5>\n<p><span style=\"font-weight: 400;\">El objetivo del Plan Nacional de Desarrollo K\u2019atun 2032 plantea que Guatemala necesita acelerar su crecimiento econ\u00f3mico mediante la transformaci\u00f3n productiva, y establece que, para el a\u00f1o 2032, el crecimiento real del PIB de manera paulatina y sostenida, deber\u00eda alcanzar una tasa no menor del 5.4% (Consejo Nacional de Desarrollo Urbano y Rural, 2015).\u00a0<\/span><\/p>\n<p><span style=\"font-weight: 400;\">Tomando en cuenta lo anterior, uno de los factores m\u00e1s importantes de la Pol\u00edtica Nacional de Competitividad 2018-2032 para lograr dicho crecimiento, es la creaci\u00f3n de oportunidades para generar empleos formales, ligados a la agregaci\u00f3n de valor de la cadena productiva.\u00a0<\/span><\/p>\n<p><span style=\"font-weight: 400;\">La selecci\u00f3n de estos sectores parte de la identificaci\u00f3n de 25 cl\u00fasters productivos en la Agenda Nacional de Competitividad 2005-2015, los cuales comprenden alrededor del 85% de la producci\u00f3n nacional, y el 75% de la creaci\u00f3n de empleos asociada al crecimiento de las exportaciones.\u00a0<\/span><\/p>\n<p><span style=\"font-weight: 400;\">De estos se priorizaron 11 cl\u00fasters, identificados como los que mayor potencial tienen de generar nuevos empleos formales y dignos, as\u00ed como mejorar el nivel de exportaciones; lo cual tendr\u00e1 un impacto mayor dado el multiplicador de consumo de las personas, logrando la incorporaci\u00f3n de todos los guatemaltecos a un crecimiento econ\u00f3mico inclusivo, acelerado y sostenible.<\/span><\/p>\n<p><span style=\"font-weight: 400;\">Sectores priorizados:<\/span><\/p>\n<\/div><\/div>\n<\/div>\n<div class=\"su-row\">\n<div class=\"su-column su-column-size-1-4\"><div class=\"su-column-inner su-u-clearfix su-u-trim\">\n<\/div><\/div>\n<div class=\"su-column su-column-size-3-4\"><div class=\"su-column-inner su-u-clearfix su-u-trim\">\n<table class=\"clsTablaPolitica\">\n<tbody>\n<tr>\n<td style=\"text-align: center;\" colspan=\"2\"><img loading=\"lazy\" class=\"aligncenter wp-image-9828\" src=\"https:\/\/www.pronacom.org\/wp-content\/uploads\/2019\/07\/Sector1-300x151.png\" alt=\"\" width=\"200\" height=\"100\" srcset=\"https:\/\/www.pronacom.org\/wp-content\/uploads\/2019\/07\/Sector1-300x151.png 300w, https:\/\/www.pronacom.org\/wp-content\/uploads\/2019\/07\/Sector1.png 418w\" sizes=\"(max-width: 200px) 100vw, 200px\" \/><\/td>\n<td style=\"text-align: center;\" colspan=\"2\"><img loading=\"lazy\" class=\"aligncenter wp-image-9829\" src=\"https:\/\/www.pronacom.org\/wp-content\/uploads\/2019\/07\/sector2-300x151.png\" alt=\"\" width=\"200\" height=\"101\" srcset=\"https:\/\/www.pronacom.org\/wp-content\/uploads\/2019\/07\/sector2-300x151.png 300w, https:\/\/www.pronacom.org\/wp-content\/uploads\/2019\/07\/sector2.png 417w\" sizes=\"(max-width: 200px) 100vw, 200px\" \/><\/td>\n<td style=\"text-align: center;\" colspan=\"2\"><img loading=\"lazy\" class=\"aligncenter wp-image-9830\" src=\"https:\/\/www.pronacom.org\/wp-content\/uploads\/2019\/07\/cluster3-300x150.png\" alt=\"\" width=\"200\" height=\"100\" srcset=\"https:\/\/www.pronacom.org\/wp-content\/uploads\/2019\/07\/cluster3-300x150.png 300w, https:\/\/www.pronacom.org\/wp-content\/uploads\/2019\/07\/cluster3.png 418w\" sizes=\"(max-width: 200px) 100vw, 200px\" \/><\/td>\n<td style=\"text-align: center;\" colspan=\"2\"><img loading=\"lazy\" class=\"aligncenter wp-image-9831\" src=\"https:\/\/www.pronacom.org\/wp-content\/uploads\/2019\/07\/cluster4-300x151.png\" alt=\"\" width=\"200\" height=\"100\" srcset=\"https:\/\/www.pronacom.org\/wp-content\/uploads\/2019\/07\/cluster4-300x151.png 300w, https:\/\/www.pronacom.org\/wp-content\/uploads\/2019\/07\/cluster4.png 418w\" sizes=\"(max-width: 200px) 100vw, 200px\" \/><\/td>\n<td style=\"text-align: center;\" colspan=\"2\"><img loading=\"lazy\" class=\"aligncenter wp-image-9832\" src=\"https:\/\/www.pronacom.org\/wp-content\/uploads\/2019\/07\/cluster5-300x151.png\" alt=\"\" width=\"200\" height=\"100\" srcset=\"https:\/\/www.pronacom.org\/wp-content\/uploads\/2019\/07\/cluster5-300x151.png 300w, https:\/\/www.pronacom.org\/wp-content\/uploads\/2019\/07\/cluster5.png 418w\" sizes=\"(max-width: 200px) 100vw, 200px\" \/><\/td>\n<\/tr>\n<tr>\n<td><img loading=\"lazy\" class=\"aligncenter wp-image-9838 size-thumbnail\" src=\"https:\/\/www.pronacom.org\/wp-content\/uploads\/2019\/07\/cluster-cafe-150x150.png\" alt=\"\" width=\"150\" height=\"150\" srcset=\"https:\/\/www.pronacom.org\/wp-content\/uploads\/2019\/07\/cluster-cafe-150x150.png 150w, https:\/\/www.pronacom.org\/wp-content\/uploads\/2019\/07\/cluster-cafe-185x185.png 185w, https:\/\/www.pronacom.org\/wp-content\/uploads\/2019\/07\/cluster-cafe.png 209w\" sizes=\"(max-width: 150px) 100vw, 150px\" \/><\/td>\n<td><img loading=\"lazy\" class=\"aligncenter wp-image-9836 size-thumbnail\" src=\"https:\/\/www.pronacom.org\/wp-content\/uploads\/2019\/07\/cluster-banano-150x150.png\" alt=\"\" width=\"150\" height=\"150\" srcset=\"https:\/\/www.pronacom.org\/wp-content\/uploads\/2019\/07\/cluster-banano-150x150.png 150w, https:\/\/www.pronacom.org\/wp-content\/uploads\/2019\/07\/cluster-banano-185x185.png 185w, https:\/\/www.pronacom.org\/wp-content\/uploads\/2019\/07\/cluster-banano.png 210w\" sizes=\"(max-width: 150px) 100vw, 150px\" \/><\/td>\n<td><a href=\"https:\/\/www.pronacom.org\/en\/clusters\/#alimentos\" target=\"_blank\" rel=\"noopener noreferrer\"><img loading=\"lazy\" class=\"aligncenter wp-image-9833 size-thumbnail\" src=\"https:\/\/www.pronacom.org\/wp-content\/uploads\/2019\/07\/cluster-aliementos-p-150x150.png\" alt=\"\" width=\"150\" height=\"150\" srcset=\"https:\/\/www.pronacom.org\/wp-content\/uploads\/2019\/07\/cluster-aliementos-p-150x150.png 150w, https:\/\/www.pronacom.org\/wp-content\/uploads\/2019\/07\/cluster-aliementos-p-185x185.png 185w, https:\/\/www.pronacom.org\/wp-content\/uploads\/2019\/07\/cluster-aliementos-p.png 209w\" sizes=\"(max-width: 150px) 100vw, 150px\" \/><\/a><\/td>\n<td><a href=\"https:\/\/www.pronacom.org\/en\/clusters\/#manufactura\" target=\"_blank\" rel=\"noopener noreferrer\"><img loading=\"lazy\" class=\"aligncenter wp-image-9844 size-thumbnail\" src=\"https:\/\/www.pronacom.org\/wp-content\/uploads\/2000\/10\/cluster-manufactura-150x150.png\" alt=\"\" width=\"150\" height=\"150\" srcset=\"https:\/\/www.pronacom.org\/wp-content\/uploads\/2000\/10\/cluster-manufactura-150x150.png 150w, https:\/\/www.pronacom.org\/wp-content\/uploads\/2000\/10\/cluster-manufactura-185x185.png 185w, https:\/\/www.pronacom.org\/wp-content\/uploads\/2000\/10\/cluster-manufactura.png 209w\" sizes=\"(max-width: 150px) 100vw, 150px\" \/><\/a><\/td>\n<td><a href=\"https:\/\/www.pronacom.org\/en\/clusters\/#turismo\" target=\"_blank\" rel=\"noopener noreferrer\"><img loading=\"lazy\" class=\"aligncenter wp-image-9826 size-thumbnail\" src=\"https:\/\/www.pronacom.org\/wp-content\/uploads\/2019\/07\/cluster-turismo-150x150.png\" alt=\"\" width=\"150\" height=\"150\" srcset=\"https:\/\/www.pronacom.org\/wp-content\/uploads\/2019\/07\/cluster-turismo-150x150.png 150w, https:\/\/www.pronacom.org\/wp-content\/uploads\/2019\/07\/cluster-turismo-185x185.png 185w, https:\/\/www.pronacom.org\/wp-content\/uploads\/2019\/07\/cluster-turismo.png 209w\" sizes=\"(max-width: 150px) 100vw, 150px\" \/><\/a><\/td>\n<td><a href=\"https:\/\/www.pronacom.org\/en\/clusters\/#tic\" target=\"_blank\" rel=\"noopener noreferrer\"><img loading=\"lazy\" class=\"aligncenter wp-image-9824 size-thumbnail\" src=\"https:\/\/www.pronacom.org\/wp-content\/uploads\/2019\/07\/cluster-tics-150x150.png\" alt=\"\" width=\"150\" height=\"150\" srcset=\"https:\/\/www.pronacom.org\/wp-content\/uploads\/2019\/07\/cluster-tics-150x150.png 150w, https:\/\/www.pronacom.org\/wp-content\/uploads\/2019\/07\/cluster-tics-185x185.png 185w, https:\/\/www.pronacom.org\/wp-content\/uploads\/2019\/07\/cluster-tics.png 210w\" sizes=\"(max-width: 150px) 100vw, 150px\" \/><\/a><\/td>\n<td><img loading=\"lazy\" class=\"aligncenter wp-image-9818 size-thumbnail\" src=\"https:\/\/www.pronacom.org\/wp-content\/uploads\/2019\/07\/cluster-mineria-150x150.png\" alt=\"\" width=\"150\" height=\"150\" srcset=\"https:\/\/www.pronacom.org\/wp-content\/uploads\/2019\/07\/cluster-mineria-150x150.png 150w, https:\/\/www.pronacom.org\/wp-content\/uploads\/2019\/07\/cluster-mineria-185x185.png 185w, https:\/\/www.pronacom.org\/wp-content\/uploads\/2019\/07\/cluster-mineria.png 209w\" sizes=\"(max-width: 150px) 100vw, 150px\" \/><\/td>\n<td><img loading=\"lazy\" class=\"aligncenter wp-image-9841 size-thumbnail\" src=\"https:\/\/www.pronacom.org\/wp-content\/uploads\/2019\/07\/cluster-energia-150x150.png\" alt=\"\" width=\"150\" height=\"150\" srcset=\"https:\/\/www.pronacom.org\/wp-content\/uploads\/2019\/07\/cluster-energia-150x150.png 150w, https:\/\/www.pronacom.org\/wp-content\/uploads\/2019\/07\/cluster-energia-185x185.png 185w\" sizes=\"(max-width: 150px) 100vw, 150px\" \/><\/td>\n<td><a href=\"https:\/\/www.pronacom.org\/en\/clusters\/#construccion\" target=\"_blank\" rel=\"noopener noreferrer\"><img loading=\"lazy\" class=\"aligncenter wp-image-9840 size-thumbnail\" src=\"https:\/\/www.pronacom.org\/wp-content\/uploads\/2019\/07\/cluster-construccion-150x150.png\" alt=\"\" width=\"150\" height=\"150\" srcset=\"https:\/\/www.pronacom.org\/wp-content\/uploads\/2019\/07\/cluster-construccion-150x150.png 150w, https:\/\/www.pronacom.org\/wp-content\/uploads\/2019\/07\/cluster-construccion-185x185.png 185w, https:\/\/www.pronacom.org\/wp-content\/uploads\/2019\/07\/cluster-construccion.png 209w\" sizes=\"(max-width: 150px) 100vw, 150px\" \/><\/a><\/td>\n<td><img loading=\"lazy\" class=\"aligncenter wp-image-9839 size-thumbnail\" src=\"https:\/\/www.pronacom.org\/wp-content\/uploads\/2019\/07\/cluster-comercio-150x150.png\" alt=\"\" width=\"150\" height=\"150\" srcset=\"https:\/\/www.pronacom.org\/wp-content\/uploads\/2019\/07\/cluster-comercio-150x150.png 150w, https:\/\/www.pronacom.org\/wp-content\/uploads\/2019\/07\/cluster-comercio-185x185.png 185w, https:\/\/www.pronacom.org\/wp-content\/uploads\/2019\/07\/cluster-comercio.png 210w\" sizes=\"(max-width: 150px) 100vw, 150px\" \/><\/td>\n<\/tr>\n<tr>\n<td><img loading=\"lazy\" class=\"aligncenter wp-image-9835 size-thumbnail\" src=\"https:\/\/www.pronacom.org\/wp-content\/uploads\/2019\/07\/cluster-azucar-150x150.png\" alt=\"\" width=\"150\" height=\"150\" srcset=\"https:\/\/www.pronacom.org\/wp-content\/uploads\/2019\/07\/cluster-azucar-150x150.png 150w, https:\/\/www.pronacom.org\/wp-content\/uploads\/2019\/07\/cluster-azucar-185x185.png 185w, https:\/\/www.pronacom.org\/wp-content\/uploads\/2019\/07\/cluster-azucar.png 210w\" sizes=\"(max-width: 150px) 100vw, 150px\" \/><\/td>\n<td><img loading=\"lazy\" class=\"aligncenter wp-image-9816 size-thumbnail\" src=\"https:\/\/www.pronacom.org\/wp-content\/uploads\/2019\/07\/cluster-granos-150x150.png\" alt=\"\" width=\"150\" height=\"150\" srcset=\"https:\/\/www.pronacom.org\/wp-content\/uploads\/2019\/07\/cluster-granos-150x150.png 150w, https:\/\/www.pronacom.org\/wp-content\/uploads\/2019\/07\/cluster-granos-185x185.png 185w, https:\/\/www.pronacom.org\/wp-content\/uploads\/2019\/07\/cluster-granos.png 209w\" sizes=\"(max-width: 150px) 100vw, 150px\" \/><\/td>\n<td><a href=\"https:\/\/www.pronacom.org\/en\/clusters\/#bebidas\" target=\"_blank\" rel=\"noopener noreferrer\"><img loading=\"lazy\" class=\"aligncenter wp-image-9837 size-thumbnail\" src=\"https:\/\/www.pronacom.org\/wp-content\/uploads\/2019\/07\/cluster-bebidas-150x150.png\" alt=\"\" width=\"150\" height=\"150\" srcset=\"https:\/\/www.pronacom.org\/wp-content\/uploads\/2019\/07\/cluster-bebidas-150x150.png 150w, https:\/\/www.pronacom.org\/wp-content\/uploads\/2019\/07\/cluster-bebidas-185x185.png 185w, https:\/\/www.pronacom.org\/wp-content\/uploads\/2019\/07\/cluster-bebidas.png 209w\" sizes=\"(max-width: 150px) 100vw, 150px\" \/><\/a><\/td>\n<td><img loading=\"lazy\" class=\"aligncenter wp-image-9845 size-thumbnail\" src=\"https:\/\/www.pronacom.org\/wp-content\/uploads\/2000\/10\/Cluster-productosfar-150x150.png\" alt=\"\" width=\"150\" height=\"150\" srcset=\"https:\/\/www.pronacom.org\/wp-content\/uploads\/2000\/10\/Cluster-productosfar-150x150.png 150w, https:\/\/www.pronacom.org\/wp-content\/uploads\/2000\/10\/Cluster-productosfar-185x185.png 185w, https:\/\/www.pronacom.org\/wp-content\/uploads\/2000\/10\/Cluster-productosfar.png 209w\" sizes=\"(max-width: 150px) 100vw, 150px\" \/><\/td>\n<td><a href=\"https:\/\/www.pronacom.org\/en\/clusters\/#transporte\" target=\"_blank\" rel=\"noopener noreferrer\"><img loading=\"lazy\" class=\"aligncenter wp-image-9825 size-thumbnail\" src=\"https:\/\/www.pronacom.org\/wp-content\/uploads\/2019\/07\/cluster-transporte-150x150.png\" alt=\"\" width=\"150\" height=\"150\" srcset=\"https:\/\/www.pronacom.org\/wp-content\/uploads\/2019\/07\/cluster-transporte-150x150.png 150w, https:\/\/www.pronacom.org\/wp-content\/uploads\/2019\/07\/cluster-transporte-185x185.png 185w, https:\/\/www.pronacom.org\/wp-content\/uploads\/2019\/07\/cluster-transporte.png 210w\" sizes=\"(max-width: 150px) 100vw, 150px\" \/><\/a><\/td>\n<td><img loading=\"lazy\" class=\"aligncenter wp-image-9822 size-thumbnail\" src=\"https:\/\/www.pronacom.org\/wp-content\/uploads\/2019\/07\/cluster-serviciosf-150x150.png\" alt=\"\" width=\"150\" height=\"150\" srcset=\"https:\/\/www.pronacom.org\/wp-content\/uploads\/2019\/07\/cluster-serviciosf-150x150.png 150w, https:\/\/www.pronacom.org\/wp-content\/uploads\/2019\/07\/cluster-serviciosf-185x185.png 185w, https:\/\/www.pronacom.org\/wp-content\/uploads\/2019\/07\/cluster-serviciosf.png 209w\" sizes=\"(max-width: 150px) 100vw, 150px\" \/><\/td>\n<td><\/td>\n<td><\/td>\n<td><\/td>\n<td><\/td>\n<\/tr>\n<tr>\n<td><img loading=\"lazy\" class=\"aligncenter wp-image-9815 size-thumbnail\" src=\"https:\/\/www.pronacom.org\/wp-content\/uploads\/2019\/07\/cluster-ganaderia-150x150.png\" alt=\"\" width=\"150\" height=\"150\" srcset=\"https:\/\/www.pronacom.org\/wp-content\/uploads\/2019\/07\/cluster-ganaderia-150x150.png 150w, https:\/\/www.pronacom.org\/wp-content\/uploads\/2019\/07\/cluster-ganaderia-185x185.png 185w, https:\/\/www.pronacom.org\/wp-content\/uploads\/2019\/07\/cluster-ganaderia.png 209w\" sizes=\"(max-width: 150px) 100vw, 150px\" \/><\/td>\n<td><img loading=\"lazy\" class=\"aligncenter wp-image-9834 size-thumbnail\" src=\"https:\/\/www.pronacom.org\/wp-content\/uploads\/2019\/07\/cluster-avicultura-150x150.png\" alt=\"\" width=\"150\" height=\"150\" srcset=\"https:\/\/www.pronacom.org\/wp-content\/uploads\/2019\/07\/cluster-avicultura-150x150.png 150w, https:\/\/www.pronacom.org\/wp-content\/uploads\/2019\/07\/cluster-avicultura-185x185.png 185w, https:\/\/www.pronacom.org\/wp-content\/uploads\/2019\/07\/cluster-avicultura.png 209w\" sizes=\"(max-width: 150px) 100vw, 150px\" \/><\/td>\n<td><a href=\"https:\/\/www.pronacom.org\/en\/clusters\/#textil\" target=\"_blank\" rel=\"noopener noreferrer\"><img loading=\"lazy\" class=\"aligncenter wp-image-9823 size-thumbnail\" src=\"https:\/\/www.pronacom.org\/wp-content\/uploads\/2019\/07\/cluster-textil-150x150.png\" alt=\"\" width=\"150\" height=\"150\" srcset=\"https:\/\/www.pronacom.org\/wp-content\/uploads\/2019\/07\/cluster-textil-150x150.png 150w, https:\/\/www.pronacom.org\/wp-content\/uploads\/2019\/07\/cluster-textil-185x185.png 185w\" sizes=\"(max-width: 150px) 100vw, 150px\" \/><\/a><\/td>\n<td><img loading=\"lazy\" class=\"aligncenter wp-image-9821 size-thumbnail\" src=\"https:\/\/www.pronacom.org\/wp-content\/uploads\/2019\/07\/cluster-quimicos-150x150.png\" alt=\"\" width=\"150\" height=\"150\" srcset=\"https:\/\/www.pronacom.org\/wp-content\/uploads\/2019\/07\/cluster-quimicos-150x150.png 150w, https:\/\/www.pronacom.org\/wp-content\/uploads\/2019\/07\/cluster-quimicos-185x185.png 185w, https:\/\/www.pronacom.org\/wp-content\/uploads\/2019\/07\/cluster-quimicos.png 209w\" sizes=\"(max-width: 150px) 100vw, 150px\" \/><\/td>\n<td><\/td>\n<td><\/td>\n<td><\/td>\n<td><\/td>\n<td><\/td>\n<td><\/td>\n<\/tr>\n<tr>\n<td><img loading=\"lazy\" class=\"aligncenter wp-image-9820 size-thumbnail\" src=\"https:\/\/www.pronacom.org\/wp-content\/uploads\/2019\/07\/cluster-pesca-150x150.png\" alt=\"\" width=\"150\" height=\"150\" srcset=\"https:\/\/www.pronacom.org\/wp-content\/uploads\/2019\/07\/cluster-pesca-150x150.png 150w, https:\/\/www.pronacom.org\/wp-content\/uploads\/2019\/07\/cluster-pesca-185x185.png 185w, https:\/\/www.pronacom.org\/wp-content\/uploads\/2019\/07\/cluster-pesca.png 209w\" sizes=\"(max-width: 150px) 100vw, 150px\" \/><\/td>\n<td><img loading=\"lazy\" class=\"aligncenter wp-image-9819 size-thumbnail\" src=\"https:\/\/www.pronacom.org\/wp-content\/uploads\/2019\/07\/cluster-palma-150x150.png\" alt=\"\" width=\"150\" height=\"150\" srcset=\"https:\/\/www.pronacom.org\/wp-content\/uploads\/2019\/07\/cluster-palma-150x150.png 150w, https:\/\/www.pronacom.org\/wp-content\/uploads\/2019\/07\/cluster-palma-185x185.png 185w, https:\/\/www.pronacom.org\/wp-content\/uploads\/2019\/07\/cluster-palma.png 210w\" sizes=\"(max-width: 150px) 100vw, 150px\" \/><\/td>\n<td><a href=\"https:\/\/www.pronacom.org\/en\/clusters\/#metalmecanica\" target=\"_blank\" rel=\"noopener noreferrer\"><img loading=\"lazy\" class=\"aligncenter wp-image-9817 size-thumbnail\" src=\"https:\/\/www.pronacom.org\/wp-content\/uploads\/2019\/07\/cluster-metalmecanica-150x150.png\" alt=\"\" width=\"150\" height=\"150\" srcset=\"https:\/\/www.pronacom.org\/wp-content\/uploads\/2019\/07\/cluster-metalmecanica-150x150.png 150w, https:\/\/www.pronacom.org\/wp-content\/uploads\/2019\/07\/cluster-metalmecanica-185x185.png 185w, https:\/\/www.pronacom.org\/wp-content\/uploads\/2019\/07\/cluster-metalmecanica.png 210w\" sizes=\"(max-width: 150px) 100vw, 150px\" \/><\/a><\/td>\n<td><\/td>\n<td><\/td>\n<td><\/td>\n<td><\/td>\n<td><\/td>\n<td><\/td>\n<td><\/td>\n<\/tr>\n<tr>\n<td><a href=\"https:\/\/www.pronacom.org\/en\/clusters\/#forestal\" target=\"_blank\" rel=\"noopener noreferrer\"><img loading=\"lazy\" class=\"aligncenter wp-image-9814 size-thumbnail\" src=\"https:\/\/www.pronacom.org\/wp-content\/uploads\/2019\/07\/cluster-forestal-150x150.png\" alt=\"\" width=\"150\" height=\"150\" srcset=\"https:\/\/www.pronacom.org\/wp-content\/uploads\/2019\/07\/cluster-forestal-150x150.png 150w, https:\/\/www.pronacom.org\/wp-content\/uploads\/2019\/07\/cluster-forestal-185x185.png 185w, https:\/\/www.pronacom.org\/wp-content\/uploads\/2019\/07\/cluster-forestal.png 210w\" sizes=\"(max-width: 150px) 100vw, 150px\" \/><\/a><\/td>\n<td><a href=\"https:\/\/www.pronacom.org\/en\/clusters\/#frutas\" target=\"_blank\" rel=\"noopener noreferrer\"><img loading=\"lazy\" class=\"aligncenter wp-image-9827 size-thumbnail\" src=\"https:\/\/www.pronacom.org\/wp-content\/uploads\/2019\/07\/cluster-vegetales-150x150.png\" alt=\"\" width=\"150\" height=\"150\" srcset=\"https:\/\/www.pronacom.org\/wp-content\/uploads\/2019\/07\/cluster-vegetales-150x150.png 150w, https:\/\/www.pronacom.org\/wp-content\/uploads\/2019\/07\/cluster-vegetales-185x185.png 185w\" sizes=\"(max-width: 150px) 100vw, 150px\" \/><\/a><\/td>\n<td><\/td>\n<td><\/td>\n<td><\/td>\n<td><\/td>\n<td><\/td>\n<td><\/td>\n<td><\/td>\n<td><\/td>\n<\/tr>\n<\/tbody>\n<\/table>\n<\/div><\/div>\n<\/div>\n<div class=\"su-row\">\n<div class=\"su-column su-column-size-1-4\"><div class=\"su-column-inner su-u-clearfix su-u-trim\">\n<\/div><\/div>\n<div class=\"su-column su-column-size-3-4\"><div class=\"su-column-inner su-u-clearfix su-u-trim\">\n<h5><\/h5>\n<h5><span style=\"font-size: 12pt;\">Prioridades<\/span><\/h5>\n<p style=\"text-align: justify;\"><span style=\"font-weight: 400;\">La creaci\u00f3n de empleos formales y productivos implica que los distintos sectores productivos superen brechas que restringen su competitividad.\u00a0<\/span><\/p>\n<p style=\"text-align: justify;\"><span style=\"font-weight: 400;\">En ese sentido, se identific\u00f3 que el mayor impacto se podr\u00eda obtener trabajando en 11 prioridades (45% del problema) para afectar positivamente a 11 clusters (82% del empleo potencial adicional). Esto debido a que el abordar de manera estrat\u00e9gica dichos temas en materia de competitividad, permite incidir directamente en la actividad productiva de los clusters, generando un mayor n\u00famero de empleos en el pa\u00eds.<\/span><\/p>\n<p style=\"text-align: justify;\"><span style=\"font-weight: 400;\">Estas prioridades se dividen en dos agendas (horizontal y vertical) transversales que dan respuesta a los principales retos y desaf\u00edos que las realidades productivas, sociales y econ\u00f3micas que presenta el pa\u00eds, y son claves para un desarrollo econ\u00f3mico sostenible.<\/span><\/p>\n<p><span style=\"font-weight: 400;\">Agendas:<\/span><\/p>\n<\/div><\/div>\n<\/div>\n<div class=\"su-row\">\n<div class=\"su-column su-column-size-1-4\"><div class=\"su-column-inner su-u-clearfix su-u-trim\">\n<\/div><\/div>\n<div class=\"su-column su-column-size-3-4\"><div class=\"su-column-inner su-u-clearfix su-u-trim\">\n<table class=\"clsTablaPolitica\">\n<tbody>\n<tr>\n<td><img loading=\"lazy\" class=\"aligncenter wp-image-9865 size-full\" src=\"https:\/\/www.pronacom.org\/wp-content\/uploads\/2019\/07\/AGENDAS-01.png\" alt=\"\" width=\"834\" height=\"209\" srcset=\"https:\/\/www.pronacom.org\/wp-content\/uploads\/2019\/07\/AGENDAS-01.png 834w, https:\/\/www.pronacom.org\/wp-content\/uploads\/2019\/07\/AGENDAS-01-300x75.png 300w, https:\/\/www.pronacom.org\/wp-content\/uploads\/2019\/07\/AGENDAS-01-768x192.png 768w\" sizes=\"(max-width: 834px) 100vw, 834px\" \/><\/td>\n<td><img loading=\"lazy\" class=\"aligncenter wp-image-9866 size-full\" src=\"https:\/\/www.pronacom.org\/wp-content\/uploads\/2019\/07\/AGENDAS-02.png\" alt=\"\" width=\"834\" height=\"209\" srcset=\"https:\/\/www.pronacom.org\/wp-content\/uploads\/2019\/07\/AGENDAS-02.png 834w, https:\/\/www.pronacom.org\/wp-content\/uploads\/2019\/07\/AGENDAS-02-300x75.png 300w, https:\/\/www.pronacom.org\/wp-content\/uploads\/2019\/07\/AGENDAS-02-768x192.png 768w\" sizes=\"(max-width: 834px) 100vw, 834px\" \/><\/td>\n<\/tr>\n<tr>\n<td><a href=\"https:\/\/www.pronacom.org\/en\/prioridades\/#corrupcion\" target=\"_blank\" rel=\"noopener noreferrer\"><img loading=\"lazy\" class=\"aligncenter wp-image-9867 size-full\" src=\"https:\/\/www.pronacom.org\/wp-content\/uploads\/2019\/07\/AGENDAS-03.png\" alt=\"\" width=\"834\" height=\"209\" srcset=\"https:\/\/www.pronacom.org\/wp-content\/uploads\/2019\/07\/AGENDAS-03.png 834w, https:\/\/www.pronacom.org\/wp-content\/uploads\/2019\/07\/AGENDAS-03-300x75.png 300w, https:\/\/www.pronacom.org\/wp-content\/uploads\/2019\/07\/AGENDAS-03-768x192.png 768w\" sizes=\"(max-width: 834px) 100vw, 834px\" \/><\/a><\/td>\n<td><a href=\"https:\/\/www.pronacom.org\/en\/prioridades\/#costos\" target=\"_blank\" rel=\"noopener noreferrer\"><img loading=\"lazy\" class=\"alignnone wp-image-9868 size-full\" src=\"https:\/\/www.pronacom.org\/wp-content\/uploads\/2019\/07\/AGENDAS-04.png\" alt=\"\" width=\"834\" height=\"209\" srcset=\"https:\/\/www.pronacom.org\/wp-content\/uploads\/2019\/07\/AGENDAS-04.png 834w, https:\/\/www.pronacom.org\/wp-content\/uploads\/2019\/07\/AGENDAS-04-300x75.png 300w, https:\/\/www.pronacom.org\/wp-content\/uploads\/2019\/07\/AGENDAS-04-768x192.png 768w\" sizes=\"(max-width: 834px) 100vw, 834px\" \/><\/a><\/td>\n<\/tr>\n<tr>\n<td><a href=\"https:\/\/www.pronacom.org\/en\/prioridades\/#seguridad\" target=\"_blank\" rel=\"noopener noreferrer\"><img loading=\"lazy\" class=\"alignnone wp-image-9869 size-full\" src=\"https:\/\/www.pronacom.org\/wp-content\/uploads\/2019\/07\/AGENDAS-05.png\" alt=\"\" width=\"834\" height=\"209\" srcset=\"https:\/\/www.pronacom.org\/wp-content\/uploads\/2019\/07\/AGENDAS-05.png 834w, https:\/\/www.pronacom.org\/wp-content\/uploads\/2019\/07\/AGENDAS-05-300x75.png 300w, https:\/\/www.pronacom.org\/wp-content\/uploads\/2019\/07\/AGENDAS-05-768x192.png 768w\" sizes=\"(max-width: 834px) 100vw, 834px\" \/><\/a><\/td>\n<td><a href=\"https:\/\/www.pronacom.org\/en\/prioridades\/#infraestructura\" target=\"_blank\" rel=\"noopener noreferrer\"><img loading=\"lazy\" class=\"alignnone wp-image-9888 size-full\" src=\"https:\/\/www.pronacom.org\/wp-content\/uploads\/2000\/10\/AGENDAS-13.png\" alt=\"\" width=\"839\" height=\"209\" srcset=\"https:\/\/www.pronacom.org\/wp-content\/uploads\/2000\/10\/AGENDAS-13.png 839w, https:\/\/www.pronacom.org\/wp-content\/uploads\/2000\/10\/AGENDAS-13-300x75.png 300w, https:\/\/www.pronacom.org\/wp-content\/uploads\/2000\/10\/AGENDAS-13-768x191.png 768w\" sizes=\"(max-width: 839px) 100vw, 839px\" \/><\/a><\/td>\n<\/tr>\n<tr>\n<td><a href=\"https:\/\/www.pronacom.org\/en\/prioridades\/#certeza\" target=\"_blank\" rel=\"noopener noreferrer\"><img loading=\"lazy\" class=\"alignnone wp-image-9871 size-full\" src=\"https:\/\/www.pronacom.org\/wp-content\/uploads\/2019\/07\/AGENDAS-07.png\" alt=\"\" width=\"834\" height=\"209\" srcset=\"https:\/\/www.pronacom.org\/wp-content\/uploads\/2019\/07\/AGENDAS-07.png 834w, https:\/\/www.pronacom.org\/wp-content\/uploads\/2019\/07\/AGENDAS-07-300x75.png 300w, https:\/\/www.pronacom.org\/wp-content\/uploads\/2019\/07\/AGENDAS-07-768x192.png 768w\" sizes=\"(max-width: 834px) 100vw, 834px\" \/><\/a><\/td>\n<td><a href=\"https:\/\/www.pronacom.org\/en\/prioridades\/#sostenibilidad\" target=\"_blank\" rel=\"noopener noreferrer\"><img loading=\"lazy\" class=\"alignnone wp-image-9870 size-full\" src=\"https:\/\/www.pronacom.org\/wp-content\/uploads\/2019\/07\/AGENDAS-06.png\" alt=\"\" width=\"834\" height=\"209\" srcset=\"https:\/\/www.pronacom.org\/wp-content\/uploads\/2019\/07\/AGENDAS-06.png 834w, https:\/\/www.pronacom.org\/wp-content\/uploads\/2019\/07\/AGENDAS-06-300x75.png 300w, https:\/\/www.pronacom.org\/wp-content\/uploads\/2019\/07\/AGENDAS-06-768x192.png 768w\" sizes=\"(max-width: 834px) 100vw, 834px\" \/><\/a><\/td>\n<\/tr>\n<tr>\n<td><a href=\"https:\/\/www.pronacom.org\/en\/prioridades\/#desnutricion\" target=\"_blank\" rel=\"noopener noreferrer\"><img loading=\"lazy\" class=\"alignnone wp-image-9873 size-full\" src=\"https:\/\/www.pronacom.org\/wp-content\/uploads\/2019\/07\/AGENDAS-09.png\" alt=\"\" width=\"834\" height=\"209\" srcset=\"https:\/\/www.pronacom.org\/wp-content\/uploads\/2019\/07\/AGENDAS-09.png 834w, https:\/\/www.pronacom.org\/wp-content\/uploads\/2019\/07\/AGENDAS-09-300x75.png 300w, https:\/\/www.pronacom.org\/wp-content\/uploads\/2019\/07\/AGENDAS-09-768x192.png 768w\" sizes=\"(max-width: 834px) 100vw, 834px\" \/><\/a><\/td>\n<td><a href=\"https:\/\/www.pronacom.org\/en\/prioridades\/#investigacion\" target=\"_blank\" rel=\"noopener noreferrer\"><img loading=\"lazy\" class=\"alignnone wp-image-9872 size-full\" src=\"https:\/\/www.pronacom.org\/wp-content\/uploads\/2019\/07\/AGENDAS-08.png\" alt=\"\" width=\"834\" height=\"209\" srcset=\"https:\/\/www.pronacom.org\/wp-content\/uploads\/2019\/07\/AGENDAS-08.png 834w, https:\/\/www.pronacom.org\/wp-content\/uploads\/2019\/07\/AGENDAS-08-300x75.png 300w, https:\/\/www.pronacom.org\/wp-content\/uploads\/2019\/07\/AGENDAS-08-768x192.png 768w\" sizes=\"(max-width: 834px) 100vw, 834px\" \/><\/a><\/td>\n<\/tr>\n<tr>\n<td><a href=\"https:\/\/www.pronacom.org\/en\/prioridades\/#calidad\" target=\"_blank\" rel=\"noopener noreferrer\"><img loading=\"lazy\" class=\"alignnone wp-image-9875 size-full\" src=\"https:\/\/www.pronacom.org\/wp-content\/uploads\/2019\/07\/AGENDAS-11.png\" alt=\"\" width=\"834\" height=\"209\" srcset=\"https:\/\/www.pronacom.org\/wp-content\/uploads\/2019\/07\/AGENDAS-11.png 834w, https:\/\/www.pronacom.org\/wp-content\/uploads\/2019\/07\/AGENDAS-11-300x75.png 300w, https:\/\/www.pronacom.org\/wp-content\/uploads\/2019\/07\/AGENDAS-11-768x192.png 768w\" sizes=\"(max-width: 834px) 100vw, 834px\" \/><\/a><\/td>\n<td><a href=\"https:\/\/www.pronacom.org\/en\/prioridades\/#ecosistema\" target=\"_blank\" rel=\"noopener noreferrer\"><img loading=\"lazy\" class=\"alignnone wp-image-9874 size-full\" src=\"https:\/\/www.pronacom.org\/wp-content\/uploads\/2019\/07\/AGENDAS-10.png\" alt=\"\" width=\"834\" height=\"209\" srcset=\"https:\/\/www.pronacom.org\/wp-content\/uploads\/2019\/07\/AGENDAS-10.png 834w, https:\/\/www.pronacom.org\/wp-content\/uploads\/2019\/07\/AGENDAS-10-300x75.png 300w, https:\/\/www.pronacom.org\/wp-content\/uploads\/2019\/07\/AGENDAS-10-768x192.png 768w\" sizes=\"(max-width: 834px) 100vw, 834px\" \/><\/a><\/td>\n<\/tr>\n<tr>\n<td><\/td>\n<td><a href=\"https:\/\/www.pronacom.org\/en\/prioridades\/#atraccion\" target=\"_blank\" rel=\"noopener noreferrer\"><img loading=\"lazy\" class=\"alignnone wp-image-9876 size-full\" src=\"https:\/\/www.pronacom.org\/wp-content\/uploads\/2019\/07\/AGENDAS-12.png\" alt=\"\" width=\"834\" height=\"209\" srcset=\"https:\/\/www.pronacom.org\/wp-content\/uploads\/2019\/07\/AGENDAS-12.png 834w, https:\/\/www.pronacom.org\/wp-content\/uploads\/2019\/07\/AGENDAS-12-300x75.png 300w, https:\/\/www.pronacom.org\/wp-content\/uploads\/2019\/07\/AGENDAS-12-768x192.png 768w\" sizes=\"(max-width: 834px) 100vw, 834px\" \/><\/a><\/td>\n<\/tr>\n<\/tbody>\n<\/table>\n<\/div><\/div>\n<\/div>\n<div class=\"su-row\">\n<div class=\"su-column su-column-size-1-4\"><div class=\"su-column-inner su-u-clearfix su-u-trim\">\n<\/div><\/div>\n<div class=\"su-column su-column-size-3-4\"><div class=\"su-column-inner su-u-clearfix su-u-trim\">\n<h5><\/h5>\n<h5><span style=\"font-size: 12pt;\">Territorios<\/span><\/h5>\n<p style=\"text-align: justify;\"><span style=\"font-weight: 400;\">El crecimiento econ\u00f3mico y el acceso al empleo se\u00a0 ha concentrado principalmente en las zonas urbanas, siendo este el fen\u00f3meno principal que empuja a la transformaci\u00f3n de un pa\u00eds de lo rural a lo urbano. Raz\u00f3n por la que se refuerza la necesidad de establecer un sistema que lleve el crecimiento econ\u00f3mico y las fuentes de empleo a otros territorios del pa\u00eds.\u00a0<\/span><\/p>\n<p style=\"text-align: justify;\"><span style=\"font-weight: 400;\">Seg\u00fan el PNUD, la migraci\u00f3n rural-urbana ya no es exclusiva hacia el \u00e1rea metropolitana de Guatemala, sino con m\u00e1s frecuencia, hacia centros urbanos intermedios. En ese sentido, la Pol\u00edtica Nacional de Competitividad 2018-2032 establece las prioridades estrat\u00e9gicas asociadas al logro del desarrollo territorial y promoci\u00f3n de pol\u00edticas p\u00fablicas para mejorar las condiciones de vida de la poblaci\u00f3n, as\u00ed como la competitividad y la eficiencia de las ciudades intermedias.\u00a0<\/span><\/p>\n<p style=\"text-align: justify;\"><span style=\"font-weight: 400;\">En esta l\u00ednea, la Pol\u00edtica Nacional de Competitividad 2018-2032 propone tres escalas territoriales, las cuales son coherentes con el Sistema Nacional de Planificaci\u00f3n: Nacional, regional y municipal. Priorizando 9 ciudades intermedias:\u00a0 <\/span><\/p>\n<p style=\"text-align: center; padding-top: 20px;\"> <!-- start Fla-shop.com HTML5 Map --> <div class='freeHtmlMapbottom htmlMapResponsive' style='max-width:1200px'> <div id='map-container-0' class='freeHtmlMapContainer' data-map-variable='map0'><\/div> <link href='https:\/\/www.pronacom.org\/wp-content\/plugins\/html5-maps\/static\/css\/map.css' rel='stylesheet'> <style> body .fm-tooltip { color: #000000; font-size: 20px; } <\/style> <script src='\/\/cdn.html5maps.com\/3d_party\/raphael.min.js'><\/script> <script src='https:\/\/www.pronacom.org\/index.php?freemap_js_data=true&map_id=0&r=70814'><\/script> <script src='\/\/cdn.html5maps.com\/libs\/locator\/2.4.7\/guatemala\/map.js'><\/script> <script> var map0 = new FlaMap(map_cfg); map0.drawOnDomReady('map-container-0'); map0.on('click', function(ev, sid, map) { jQuery('#freeHtmlMapStateInfo0').html(''); var link = map.mapConfig.map_data[sid]['link']; if (link == '#info') { var id = map.mapConfig.map_data[sid]['id']; jQuery('#freeHtmlMapStateInfo0').html('Loading...'); jQuery.ajax({ type: 'POST', url: 'https:\/\/www.pronacom.org\/index.php?freemap_get_state_info='+id+'&map_id=0', success: function(data, textStatus, jqXHR){ jQuery('#freeHtmlMapStateInfo0').html(data); }, dataType: 'text' }); } }); <\/script> <div id='freeHtmlMapStateInfo0' class='freeHtmlMapStateInfo'><\/div> <\/div> <div style='clear: both'><\/div> <!-- end HTML5 Map --> \n<img class=\"clsBelice\" style=\"margin-top: -78%; margin-left: 62%; z-index: 99; width: auto; cursor: pointer;\" src=\"https:\/\/www.pronacom.org\/wp-content\/uploads\/2019\/07\/belice-1-e1564535238831.png\" alt=\"\" \/><\/p>\n<p>&nbsp;<\/p>\n<p>&nbsp;<\/p>\n<p class=\"clsButtonDescargaPolitica\" style=\"margin-top: 200px;\">\n<\/div>\n<div class=\"su-button-center\"><a href=\"https:\/\/drive.google.com\/file\/d\/0B2Wl6tLQzoEwMW9PTUg3OGsxSXBvUTJGRW5aSFNKOHA0OEhV\/view\" class=\"su-button su-button-style-soft\" style=\"color:#FFFFFF;background-color:#3e519f;border-color:#324180;border-radius:5px;-moz-border-radius:5px;-webkit-border-radius:5px\" target=\"_blank\" rel=\"noopener noreferrer\" id=\"descarga-resultados-PAPTN 2017-2018\"><span style=\"color:#FFFFFF;padding:6px 16px;font-size:13px;line-height:20px;border-color:#7886bc;border-radius:5px;-moz-border-radius:5px;-webkit-border-radius:5px;text-shadow:none;-moz-text-shadow:none;-webkit-text-shadow:none\"><i class=\"sui sui-arrow-down\" style=\"font-size:13px;color:#FFFFFF\"><\/i> Descargar resultados PAPTN 2017-2018<\/span><\/a><\/div>\n<div style=\"text-align: justify;\">\n<\/div><\/div>\n<\/div>\n<\/div>","protected":false},"featured_media":0,"template":"","meta":[],"project-category":[33],"yoast_head":"<!-- This site is optimized with the Yoast SEO plugin v15.6.2 - https:\/\/yoast.com\/wordpress\/plugins\/seo\/ -->\n<title>Pol\u00edtica Nacional de Competitividad 2018-2032 - PRONACOM<\/title>\n<meta name=\"robots\" content=\"index, follow, max-snippet:-1, max-image-preview:large, max-video-preview:-1\" \/>\n<link rel=\"canonical\" href=\"https:\/\/www.pronacom.org\/en\/project\/politica-nacional-de-competitividad\/\" \/>\n<meta property=\"og:locale\" content=\"en_US\" \/>\n<meta property=\"og:type\" content=\"article\" \/>\n<meta property=\"og:title\" content=\"Pol\u00edtica Nacional de Competitividad 2018-2032 - PRONACOM\" \/>\n<meta property=\"og:url\" content=\"https:\/\/www.pronacom.org\/en\/project\/politica-nacional-de-competitividad\/\" \/>\n<meta property=\"og:site_name\" content=\"PRONACOM\" \/>\n<meta property=\"article:publisher\" content=\"https:\/\/www.facebook.com\/Pronacomgt\/\" \/>\n<meta property=\"article:modified_time\" content=\"2019-08-06T05:39:54+00:00\" \/>\n<meta name=\"twitter:card\" content=\"summary_large_image\" \/>\n<meta name=\"twitter:site\" content=\"@PRONACOMGT\" \/>\n<meta name=\"twitter:label1\" content=\"Est. reading time\">\n\t<meta name=\"twitter:data1\" content=\"6 minutes\">\n<script type=\"application\/ld+json\" class=\"yoast-schema-graph\">{\"@context\":\"https:\/\/schema.org\",\"@graph\":[{\"@type\":\"Organization\",\"@id\":\"https:\/\/www.pronacom.org\/en\/#organization\",\"name\":\"PRONACOM\",\"url\":\"https:\/\/www.pronacom.org\/en\/\",\"sameAs\":[\"https:\/\/www.facebook.com\/Pronacomgt\/\",\"https:\/\/www.instagram.com\/pronacomgt\/\",\"https:\/\/www.linkedin.com\/authwall?trk=gf&amp;amp;amp;trkInfo=AQGH7Mi-f70EDAAAAWv5JAmoGFXJ8B2rxURVcu6cPIj-oDKkC19SAMj6UtFyNiKz20TkwAXGNiSB81fV5dt-WXgm3GdF9CLAhH4xONAQukTUqZy1I5ETfhu_C16iHxO-aFrINSU=&amp;amp;amp;originalReferer&amp;amp;amp;sessionRedirect=https:\/\/gt.linkedin.com\/company\/pronacom\",\"https:\/\/www.youtube.com\/channel\/UCw3KIgxOkQQjvGQvvTfH6tA\",\"https:\/\/twitter.com\/PRONACOMGT\"],\"logo\":{\"@type\":\"ImageObject\",\"@id\":\"https:\/\/www.pronacom.org\/en\/#logo\",\"inLanguage\":\"en-US\",\"url\":\"https:\/\/www.pronacom.org\/wp-content\/uploads\/2019\/03\/Logo-Pronacom.png\",\"width\":842,\"height\":209,\"caption\":\"PRONACOM\"},\"image\":{\"@id\":\"https:\/\/www.pronacom.org\/en\/#logo\"}},{\"@type\":\"WebSite\",\"@id\":\"https:\/\/www.pronacom.org\/en\/#website\",\"url\":\"https:\/\/www.pronacom.org\/en\/\",\"name\":\"PRONACOM\",\"description\":\"\",\"publisher\":{\"@id\":\"https:\/\/www.pronacom.org\/en\/#organization\"},\"potentialAction\":[{\"@type\":\"SearchAction\",\"target\":\"https:\/\/www.pronacom.org\/en\/?s={search_term_string}\",\"query-input\":\"required name=search_term_string\"}],\"inLanguage\":\"en-US\"},{\"@type\":\"ImageObject\",\"@id\":\"https:\/\/www.pronacom.org\/en\/project\/politica-nacional-de-competitividad\/#primaryimage\",\"inLanguage\":\"en-US\",\"url\":\"https:\/\/www.pronacom.org\/wp-content\/uploads\/2000\/10\/LOGO-POLITICA-NACIONAL-DE-COMPETITIVIDAD.png\",\"width\":792,\"height\":265},{\"@type\":\"WebPage\",\"@id\":\"https:\/\/www.pronacom.org\/en\/project\/politica-nacional-de-competitividad\/#webpage\",\"url\":\"https:\/\/www.pronacom.org\/en\/project\/politica-nacional-de-competitividad\/\",\"name\":\"Pol\\u00edtica Nacional de Competitividad 2018-2032 - PRONACOM\",\"isPartOf\":{\"@id\":\"https:\/\/www.pronacom.org\/en\/#website\"},\"primaryImageOfPage\":{\"@id\":\"https:\/\/www.pronacom.org\/en\/project\/politica-nacional-de-competitividad\/#primaryimage\"},\"datePublished\":\"2000-10-10T09:47:22+00:00\",\"dateModified\":\"2019-08-06T05:39:54+00:00\",\"inLanguage\":\"en-US\",\"potentialAction\":[{\"@type\":\"ReadAction\",\"target\":[\"https:\/\/www.pronacom.org\/en\/project\/politica-nacional-de-competitividad\/\"]}]}]}<\/script>\n<!-- \/ Yoast SEO plugin. -->","_links":{"self":[{"href":"https:\/\/www.pronacom.org\/en\/wp-json\/wp\/v2\/wpm_project\/5225"}],"collection":[{"href":"https:\/\/www.pronacom.org\/en\/wp-json\/wp\/v2\/wpm_project"}],"about":[{"href":"https:\/\/www.pronacom.org\/en\/wp-json\/wp\/v2\/types\/wpm_project"}],"wp:attachment":[{"href":"https:\/\/www.pronacom.org\/en\/wp-json\/wp\/v2\/media?parent=5225"}],"wp:term":[{"taxonomy":"project-category","embeddable":true,"href":"https:\/\/www.pronacom.org\/en\/wp-json\/wp\/v2\/project-category?post=5225"}],"curies":[{"name":"wp","href":"https:\/\/api.w.org\/{rel}","templated":true}]}}