{"id":10440,"date":"2019-08-01T00:43:18","date_gmt":"2019-08-01T06:43:18","guid":{"rendered":"http:\/\/34.73.84.172\/?page_id=10440"},"modified":"2022-01-17T16:05:24","modified_gmt":"2022-01-17T22:05:24","slug":"consejo-asesor","status":"publish","type":"page","link":"https:\/\/www.pronacom.org\/en\/estructura\/consejo-asesor\/","title":{"rendered":"Consejo Asesor"},"content":{"rendered":"<div data-elementor-type=\"wp-post\" data-elementor-id=\"10440\" class=\"elementor elementor-10440\" data-elementor-settings=\"[]\">\n\t\t\t\t\t\t<div class=\"elementor-inner\">\n\t\t\t\t\t\t\t<div class=\"elementor-section-wrap\">\n\t\t\t\t\t\t\t<section class=\"elementor-section elementor-top-section elementor-element elementor-element-2e9deef elementor-section-boxed elementor-section-height-default elementor-section-height-default\" data-id=\"2e9deef\" data-element_type=\"section\">\n\t\t\t\t\t\t<div class=\"elementor-container elementor-column-gap-default\">\n\t\t\t\t\t\t\t<div class=\"elementor-row\">\n\t\t\t\t\t<div class=\"elementor-column elementor-col-100 elementor-top-column elementor-element elementor-element-674764f\" data-id=\"674764f\" data-element_type=\"column\">\n\t\t\t<div class=\"elementor-column-wrap elementor-element-populated\">\n\t\t\t\t\t\t\t<div class=\"elementor-widget-wrap\">\n\t\t\t\t\t\t<div class=\"elementor-element elementor-element-93255fb elementor-widget elementor-widget-text-editor\" data-id=\"93255fb\" data-element_type=\"widget\" data-widget_type=\"text-editor.default\">\n\t\t\t\t<div class=\"elementor-widget-container\">\n\t\t\t\t\t<div class=\"elementor-text-editor elementor-clearfix\"><p style=\"text-align: justify;\"><span style=\"color: #000000; font-family: 'Open Sans';\">Est\u00e1 integrado por las entidades de la sociedad civil, del sector laboral, acad\u00e9mico y medios de comunicaci\u00f3n que se vinculen con PRONACOM y con la Pol\u00edtica Nacional de Competitividad 2018-2032, que acepten la invitaci\u00f3n del Comit\u00e9 Ejecutivo de integrarse al Consejo Asesor; as\u00ed como por los integrantes del Gobierno Central y por los representantes de las entidades p\u00fablicas y privadas que se describen a continuaci\u00f3n:<\/span><\/p><h2 dir=\"\"><span style=\"font-size: 14pt; color: #000000; font-family: 'Open Sans';\"><strong>Sector P\u00fablico:<\/strong><\/span><\/h2><ul><li><span style=\"color: #000000; font-family: 'Open Sans';\">Ministro de Finanzas P\u00fablicas<\/span><\/li><li dir=\"\"><span style=\"color: #000000; font-family: 'Open Sans';\">Ministro de Agricultura, Ganader\u00eda y Alimentaci\u00f3n<\/span><\/li><li dir=\"\"><span style=\"color: #000000; font-family: 'Open Sans';\">Ministro de Energ\u00eda y Minas<\/span><\/li><li dir=\"\"><span style=\"color: #000000; font-family: 'Open Sans';\">Ministro de Ambiente y Recursos Naturales<\/span><\/li><li dir=\"\"><span style=\"color: #000000; font-family: 'Open Sans';\">Ministro de Relaciones Exteriores<\/span><\/li><li dir=\"\"><span style=\"color: #000000; font-family: 'Open Sans';\">Ministro de Trabajo y Previsi\u00f3n Social<\/span><\/li><li dir=\"\"><span style=\"color: #000000; font-family: 'Open Sans';\">Viceministerio de Inversi\u00f3n y Competencia del Ministerio de Econom\u00eda<\/span><\/li><li dir=\"\"><span style=\"color: #000000; font-family: 'Open Sans';\">Viceministerio de Desarrollo de la Microempresa, Peque\u00f1a y Mediana Empresa del Ministerio de Econom\u00eda<\/span><\/li><li dir=\"\"><span style=\"color: #000000; font-family: 'Open Sans';\">Secretario de Planificaci\u00f3n y Programaci\u00f3n de la Presidencia (SEGEPL\u00c1N)<\/span><\/li><li dir=\"\"><span style=\"color: #000000; font-family: 'Open Sans';\">Presidente del Banco de Guatemala<\/span><\/li><li dir=\"\"><span style=\"color: #000000; font-family: 'Open Sans';\">Superintendente de Administraci\u00f3n Tributaria (SAT)<\/span><\/li><\/ul><p dir=\"\"><span style=\"color: #000000; font-family: 'Open Sans';\">Los Ministros podr\u00e1n ser sustituidos por sus Viceministros designados como suplentes.<\/span><\/p><h2 dir=\"\"><span style=\"font-size: 14pt; color: #000000; font-family: 'Open Sans';\">Sector empresarial:<\/span><\/h2><ul><li><span style=\"color: #000000; font-family: 'Open Sans';\">C\u00e1mara de Comercio<\/span><\/li><li dir=\"\"><span style=\"color: #000000; font-family: 'Open Sans';\">C\u00e1mara de la Construcci\u00f3n<\/span><\/li><li dir=\"\"><span style=\"color: #000000; font-family: 'Open Sans';\">C\u00e1mara de Turismo<\/span><\/li><li dir=\"\"><span style=\"color: #000000; font-family: 'Open Sans';\">Confederaci\u00f3n de Cooperativas<\/span><\/li><li dir=\"\"><span style=\"color: #000000; font-family: 'Open Sans';\">Asociaci\u00f3n Nacional del Caf\u00e9<\/span><\/li><li dir=\"\"><span style=\"color: #000000; font-family: 'Open Sans';\">C\u00e1maras de comercio binacionales<\/span><\/li><\/ul><h2 dir=\"\"><span style=\"font-size: 14pt; color: #000000; font-family: 'Open Sans';\"><strong>Cooperantes:<\/strong><\/span><\/h2><ul><li dir=\"\"><span style=\"color: #000000; font-family: 'Open Sans';\">Banco Mundial;<\/span><\/li><li dir=\"\"><span style=\"color: #000000; font-family: 'Open Sans';\">Banco Interamericano de Desarrollo \u2013BID-;<\/span><\/li><li dir=\"\"><span style=\"color: #000000; font-family: 'Open Sans';\">Programa de las Naciones Unidas para el Desarrollo \u2013PNUD-;<\/span><\/li><li dir=\"\"><span style=\"color: #000000; font-family: 'Open Sans';\">Agencia Internacional de los Estados Unidos para el Desarrollo \u2013USAID-.<\/span><\/li><\/ul><h2 dir=\"\"><span style=\"font-size: 14pt; color: #000000; font-family: 'Open Sans';\"><strong>Invitados Especiales:<\/strong><\/span><\/h2><ul><li><span style=\"color: #000000; font-family: 'Open Sans';\">El Gerente del Instituto T\u00e9cnico de Capacitaci\u00f3n y Productividad \u2013INTECAP-;<\/span><\/li><li dir=\"\" style=\"text-align: justify;\"><span style=\"color: #000000; font-family: 'Open Sans';\">El Gerente del Instituto Nacional de Estad\u00edstica \u2013INE-;<\/span><\/li><li dir=\"\" style=\"text-align: justify;\"><span style=\"color: #000000; font-family: 'Open Sans';\">El Director General del Instituto Guatemalteco de Turismo \u2013INGUAT-;<\/span><\/li><li dir=\"\" style=\"text-align: justify;\"><span style=\"color: #000000; font-family: 'Open Sans';\">El Director Ejecutivo de la Comisi\u00f3n Portuaria Nacional;<\/span><\/li><li dir=\"\" style=\"text-align: justify;\"><span style=\"color: #000000; font-family: 'Open Sans';\">El Director de Aeron\u00e1utica Civil;<\/span><\/li><li dir=\"\" style=\"text-align: justify;\"><span style=\"color: #000000; font-family: 'Open Sans';\">El Secretario Nacional de Ciencia y Tecnolog\u00eda \u2013SENACYT-;<\/span><\/li><li dir=\"\" style=\"text-align: justify;\"><span style=\"color: #000000; font-family: 'Open Sans';\">El Presidente de la Comisi\u00f3n de Econom\u00eda y Comercio Exterior del Congreso de la Rep\u00fablica;<\/span><\/li><li dir=\"\" style=\"text-align: justify;\"><span style=\"color: #000000; font-family: 'Open Sans';\">El Coordinador General de Invierte en Guatemala;<\/span><\/li><li dir=\"\" style=\"text-align: justify;\"><span style=\"color: #000000; font-family: 'Open Sans';\">El Comisionado Presidencial de Ciencia y Tecnolog\u00eda;<\/span><\/li><li dir=\"\" style=\"text-align: justify;\"><span style=\"color: #000000; font-family: 'Open Sans';\">El Comisionado Presidencial del Plan Puebla Panam\u00e1;<\/span><\/li><li><span style=\"color: #000000; font-family: 'Open Sans';\">El Comisionado Presidencial para la Reforma, Modernizaci\u00f3n y el Fortalecimiento del Estado y sus Entidades Descentralizadas \u2013COPRE-;<\/span><\/li><li dir=\"\" style=\"text-align: justify;\"><span style=\"color: #000000; font-family: 'Open Sans';\">Un representante del Centro de Investigaciones Econ\u00f3micas Nacionales \u2013CIEN-;<\/span><\/li><li dir=\"\" style=\"text-align: justify;\"><span style=\"color: #000000; font-family: 'Open Sans';\">Un representante del Instituto de Investigaciones Econ\u00f3micas y Sociales \u2013IDIES-;<\/span><\/li><li dir=\"\" style=\"text-align: justify;\"><span style=\"color: #000000; font-family: 'Open Sans';\">Un representante nombrado por el Rector de cada una de las universidades del pa\u00eds;<\/span><\/li><li dir=\"\" style=\"text-align: justify;\"><span style=\"color: #000000; font-family: 'Open Sans';\">Un representante de la Asociaci\u00f3n Gremial del Empresariado Rural \u2013AGER-;<\/span><\/li><li dir=\"\" style=\"text-align: justify;\"><span style=\"color: #000000; font-family: 'Open Sans';\">Un representante de la Asociaci\u00f3n Gerentes de Guatemala \u2013AGG-;<\/span><\/li><li dir=\"\" style=\"text-align: justify;\"><span style=\"color: #000000; font-family: 'Open Sans';\">Un representante de la Asociaci\u00f3n de Investigaci\u00f3n y Estudios Sociales \u2013ASIES-;<\/span><\/li><li dir=\"\" style=\"text-align: justify;\"><span style=\"color: #000000; font-family: 'Open Sans';\">Un representante de la Central General de Trabajadores de Guatemala;<\/span><\/li><li dir=\"\" style=\"text-align: justify;\"><span style=\"color: #000000; font-family: 'Open Sans';\">Un representante de Technoserve Inc.;<\/span><\/li><li dir=\"\" style=\"text-align: justify;\"><span style=\"color: #000000; font-family: 'Open Sans';\">Un representante de la Asociaci\u00f3n Foro Maya;<\/span><\/li><li dir=\"\" style=\"text-align: justify;\"><span style=\"color: #000000; font-family: 'Open Sans';\">Un representante de la Asociaci\u00f3n Enlace Quich\u00e9;<\/span><\/li><li dir=\"\" style=\"text-align: justify;\"><span style=\"color: #000000; font-family: 'Open Sans';\">Un representante de Rainforest Alliance;<\/span><\/li><li dir=\"\" style=\"text-align: justify;\"><span style=\"color: #000000; font-family: 'Open Sans';\">Un representante de la Asociaci\u00f3n de Empresarios Juveniles;<\/span><\/li><li style=\"text-align: justify;\"><span style=\"color: #000000; font-family: 'Open Sans';\">Un representante de la Federaci\u00f3n Sindical de Trabajadores de la Alimentaci\u00f3n, agroindustria y similares de Guatemala \u2013FESTRAS-.<\/span><\/li><li style=\"text-align: justify;\"><span style=\"color: #000000; font-family: 'Open Sans';\">Un representante de la Comisi\u00f3n Empresarial de Negociaciones y Comercio Exterior<\/span><\/li><\/ul><\/div>\n\t\t\t\t<\/div>\n\t\t\t\t<\/div>\n\t\t\t\t\t\t<\/div>\n\t\t\t\t\t<\/div>\n\t\t<\/div>\n\t\t\t\t\t\t\t\t<\/div>\n\t\t\t\t\t<\/div>\n\t\t<\/section>\n\t\t\t\t\t\t<\/div>\n\t\t\t\t\t\t<\/div>\n\t\t\t\t\t<\/div>","protected":false},"excerpt":{"rendered":"<p>Est\u00e1 integrado por las entidades de la sociedad civil, del sector laboral, acad\u00e9mico y medios de comunicaci\u00f3n que se vinculen con PRONACOM y con la Pol\u00edtica Nacional de Competitividad 2018-2032, que acepten la invitaci\u00f3n del Comit\u00e9 Ejecutivo de integrarse al Consejo Asesor; as\u00ed como por los integrantes del Gobierno Central y por los representantes de &hellip;<\/p>","protected":false},"author":2,"featured_media":0,"parent":10400,"menu_order":0,"comment_status":"closed","ping_status":"closed","template":"template-fullwidth.php","meta":[],"yoast_head":"<!-- This site is optimized with the Yoast SEO plugin v15.6.2 - https:\/\/yoast.com\/wordpress\/plugins\/seo\/ -->\n<title>Consejo Asesor - PRONACOM<\/title>\n<meta name=\"robots\" content=\"index, follow, max-snippet:-1, max-image-preview:large, max-video-preview:-1\" \/>\n<link rel=\"canonical\" href=\"https:\/\/www.pronacom.org\/en\/estructura\/consejo-asesor\/\" \/>\n<meta property=\"og:locale\" content=\"en_US\" \/>\n<meta property=\"og:type\" content=\"article\" \/>\n<meta property=\"og:title\" content=\"Consejo Asesor - PRONACOM\" \/>\n<meta property=\"og:description\" content=\"Est\u00e1 integrado por las entidades de la sociedad civil, del sector laboral, acad\u00e9mico y medios de comunicaci\u00f3n que se vinculen con PRONACOM y con la Pol\u00edtica Nacional de Competitividad 2018-2032, que acepten la invitaci\u00f3n del Comit\u00e9 Ejecutivo de integrarse al Consejo Asesor; as\u00ed como por los integrantes del Gobierno Central y por los representantes de &hellip;\" \/>\n<meta property=\"og:url\" content=\"https:\/\/www.pronacom.org\/en\/estructura\/consejo-asesor\/\" \/>\n<meta property=\"og:site_name\" content=\"PRONACOM\" \/>\n<meta property=\"article:publisher\" content=\"https:\/\/www.facebook.com\/Pronacomgt\/\" \/>\n<meta property=\"article:modified_time\" content=\"2022-01-17T22:05:24+00:00\" \/>\n<meta name=\"twitter:card\" content=\"summary_large_image\" \/>\n<meta name=\"twitter:site\" content=\"@PRONACOMGT\" \/>\n<meta name=\"twitter:label1\" content=\"Est. reading time\">\n\t<meta name=\"twitter:data1\" content=\"2 minutes\">\n<script type=\"application\/ld+json\" class=\"yoast-schema-graph\">{\"@context\":\"https:\/\/schema.org\",\"@graph\":[{\"@type\":\"Organization\",\"@id\":\"https:\/\/www.pronacom.org\/en\/#organization\",\"name\":\"PRONACOM\",\"url\":\"https:\/\/www.pronacom.org\/en\/\",\"sameAs\":[\"https:\/\/www.facebook.com\/Pronacomgt\/\",\"https:\/\/www.instagram.com\/pronacomgt\/\",\"https:\/\/www.linkedin.com\/authwall?trk=gf&amp;amp;amp;trkInfo=AQGH7Mi-f70EDAAAAWv5JAmoGFXJ8B2rxURVcu6cPIj-oDKkC19SAMj6UtFyNiKz20TkwAXGNiSB81fV5dt-WXgm3GdF9CLAhH4xONAQukTUqZy1I5ETfhu_C16iHxO-aFrINSU=&amp;amp;amp;originalReferer&amp;amp;amp;sessionRedirect=https:\/\/gt.linkedin.com\/company\/pronacom\",\"https:\/\/www.youtube.com\/channel\/UCw3KIgxOkQQjvGQvvTfH6tA\",\"https:\/\/twitter.com\/PRONACOMGT\"],\"logo\":{\"@type\":\"ImageObject\",\"@id\":\"https:\/\/www.pronacom.org\/en\/#logo\",\"inLanguage\":\"en-US\",\"url\":\"https:\/\/www.pronacom.org\/wp-content\/uploads\/2019\/03\/Logo-Pronacom.png\",\"width\":842,\"height\":209,\"caption\":\"PRONACOM\"},\"image\":{\"@id\":\"https:\/\/www.pronacom.org\/en\/#logo\"}},{\"@type\":\"WebSite\",\"@id\":\"https:\/\/www.pronacom.org\/en\/#website\",\"url\":\"https:\/\/www.pronacom.org\/en\/\",\"name\":\"PRONACOM\",\"description\":\"\",\"publisher\":{\"@id\":\"https:\/\/www.pronacom.org\/en\/#organization\"},\"potentialAction\":[{\"@type\":\"SearchAction\",\"target\":\"https:\/\/www.pronacom.org\/en\/?s={search_term_string}\",\"query-input\":\"required name=search_term_string\"}],\"inLanguage\":\"en-US\"},{\"@type\":\"WebPage\",\"@id\":\"https:\/\/www.pronacom.org\/en\/estructura\/consejo-asesor\/#webpage\",\"url\":\"https:\/\/www.pronacom.org\/en\/estructura\/consejo-asesor\/\",\"name\":\"Consejo Asesor - PRONACOM\",\"isPartOf\":{\"@id\":\"https:\/\/www.pronacom.org\/en\/#website\"},\"datePublished\":\"2019-08-01T06:43:18+00:00\",\"dateModified\":\"2022-01-17T22:05:24+00:00\",\"inLanguage\":\"en-US\",\"potentialAction\":[{\"@type\":\"ReadAction\",\"target\":[\"https:\/\/www.pronacom.org\/en\/estructura\/consejo-asesor\/\"]}]}]}<\/script>\n<!-- \/ Yoast SEO plugin. -->","_links":{"self":[{"href":"https:\/\/www.pronacom.org\/en\/wp-json\/wp\/v2\/pages\/10440"}],"collection":[{"href":"https:\/\/www.pronacom.org\/en\/wp-json\/wp\/v2\/pages"}],"about":[{"href":"https:\/\/www.pronacom.org\/en\/wp-json\/wp\/v2\/types\/page"}],"author":[{"embeddable":true,"href":"https:\/\/www.pronacom.org\/en\/wp-json\/wp\/v2\/users\/2"}],"replies":[{"embeddable":true,"href":"https:\/\/www.pronacom.org\/en\/wp-json\/wp\/v2\/comments?post=10440"}],"version-history":[{"count":10,"href":"https:\/\/www.pronacom.org\/en\/wp-json\/wp\/v2\/pages\/10440\/revisions"}],"predecessor-version":[{"id":15407,"href":"https:\/\/www.pronacom.org\/en\/wp-json\/wp\/v2\/pages\/10440\/revisions\/15407"}],"up":[{"embeddable":true,"href":"https:\/\/www.pronacom.org\/en\/wp-json\/wp\/v2\/pages\/10400"}],"wp:attachment":[{"href":"https:\/\/www.pronacom.org\/en\/wp-json\/wp\/v2\/media?parent=10440"}],"curies":[{"name":"wp","href":"https:\/\/api.w.org\/{rel}","templated":true}]}}